{"id":43857,"date":"2024-11-11T17:37:30","date_gmt":"2024-11-11T16:37:30","guid":{"rendered":"https:\/\/www.cfjustice.org\/justice-pour-les-ddh\/"},"modified":"2024-11-11T17:49:05","modified_gmt":"2024-11-11T16:49:05","slug":"justice-pour-les-ddh","status":"publish","type":"page","link":"https:\/\/www.cfjustice.org\/fr\/justice-pour-les-ddh\/","title":{"rendered":"Justice pour les DDH"},"content":{"rendered":"<!--themify_builder_content-->\n<div id=\"themify_builder_content-43857\" data-postid=\"43857\" class=\"themify_builder_content themify_builder_content-43857 themify_builder tf_clear\">\n                    <div  data-css_id=\"ir9f53\" data-lazy=\"1\" class=\"module_row themify_builder_row fullwidth_row_container tb_ir9f53 tb_first tf_w\">\n                        <div class=\"row_inner col_align_middle tb_col_count_2 tf_box tf_rel\">\n                        <div  data-lazy=\"1\" class=\"module_column tb-column col3-1 tb_f5dh53 first\">\n                    <!-- module image -->\n<div  class=\"module module-image tb_kkof54 image-center   tf_mw\" data-lazy=\"1\">\n        <div class=\"image-wrap tf_rel tf_mw\">\n            <img decoding=\"async\" src=\"https:\/\/www.cfjustice.org\/wp-content\/uploads\/2024\/08\/Asset-5.svg\" width=\"250\" class=\"wp-post-image wp-image-41556\" title=\"Asset 5\" alt=\"Asset 5\">    \n        <\/div>\n    <!-- \/image-wrap -->\n    \n        <\/div>\n<!-- \/module image -->        <\/div>\n                    <div  data-lazy=\"1\" class=\"module_column tb-column col3-2 tb_7nyv53 last\">\n                    <!-- module text -->\n<div  class=\"module module-text tb_uu4653    hide-mobile\" data-lazy=\"1\">\n        <div  class=\"tb_text_wrap\">\n        <h1 style=\"text-align: left\">Justice pour les d\u00e9fenseurs des droits humains<\/h1>    <\/div>\n<\/div>\n<!-- \/module text --><!-- module text -->\n<div  class=\"module module-text tb_454g495   \" data-lazy=\"1\">\n        <div  class=\"tb_text_wrap\">\n        <p style=\"text-align: left\">Les d\u00e9fenseurs des droits humains sont l&rsquo;\u00e2me du soutien aux victimes des violations des droits de humains, et avec la r\u00e9pression r\u00e9cente au Moyen-Orient et en Afrique du Nord, ils sont eux-m\u00eames devenus des victimes. CFJ s&rsquo;efforce donc de chercher la justice pour les d\u00e9fenseurs des droits de humains.<\/p>    <\/div>\n<\/div>\n<!-- \/module text --><!-- module buttons -->\n<div  class=\"module module-buttons tb_6a0b53 buttons-horizontal solid   rounded\" data-lazy=\"1\">\n        <div class=\"module-buttons-item tf_in_flx\">\n                        <a href=\"https:\/\/www.cfjustice.org\/wp-content\/uploads\/2023\/05\/Methodology-of-Justice-for-Human-Rights-Defenders-Project.pdf\" class=\"ui builder_button tf_in_flx tb_default_color\" target=\"_blank\" rel=\"noopener\">\n                                    <em><svg  class=\"tf_fa tf-fas-external-link-alt\" xmlns:xlink=\"http:\/\/www.w3.org\/1999\/xlink\" aria-hidden=\"true\"><use href=\"#tf-fas-external-link-alt\" xlink:href=\"#tf-fas-external-link-alt\"><\/use><\/svg><\/em>                                        La m\u00e9thodologie                                        <\/a>\n                <\/div>\n            <\/div>\n<!-- \/module buttons -->\n        <\/div>\n                        <\/div>\n        <\/div>\n                        <div  data-css_id=\"j6zl931\" data-lazy=\"1\" class=\"module_row themify_builder_row fullwidth_row_container tb_j6zl931 tf_w\">\n                        <div class=\"row_inner col_align_top tb_col_count_1 tf_box tf_rel\">\n                        <div  data-lazy=\"1\" class=\"module_column tb-column col-full tb_m9da931 first\">\n                            <div  data-lazy=\"1\" class=\"module_subrow themify_builder_sub_row tf_w col_align_top tb_col_count_1 tb_bmry932\">\n                <div  data-lazy=\"1\" class=\"module_column sub_column col-full tb_pzhg932 first\">\n                    <!-- module text -->\n<div  class=\"module module-text tb_2no3932   \" data-lazy=\"1\">\n        <div  class=\"tb_text_wrap\">\n        <h2>Comment puis-je vous aider<\/h2>    <\/div>\n<\/div>\n<!-- \/module text -->        <\/div>\n                    <\/div>\n                <\/div>\n                        <\/div>\n        <\/div>\n                        <div  data-css_id=\"ymy3429\" data-lazy=\"1\" class=\"module_row themify_builder_row fullwidth_row_container tb_ymy3429 tf_w\">\n                        <div class=\"row_inner col_align_top tb_col_count_2 tf_box tf_rel\">\n                        <div  data-lazy=\"1\" class=\"module_column tb-column col4-2 tb_pqzb429 first\">\n                            <div  data-lazy=\"1\" class=\"module_subrow themify_builder_sub_row tf_w col_align_middle tb_col_count_2 tb_3x22431\">\n                <div  data-lazy=\"1\" class=\"module_column sub_column col4-2 tb_9eko432 first\">\n                    <!-- module image -->\n<div  class=\"module module-image tb_sogb432 image-center   tf_mw\" data-lazy=\"1\">\n        <div class=\"image-wrap tf_rel tf_mw\">\n            <img loading=\"lazy\" decoding=\"async\" src=\"https:\/\/www.cfjustice.org\/wp-content\/uploads\/2024\/08\/Asset-14.svg\" width=\"180\" height=\"250\" class=\"wp-post-image wp-image-41900\" title=\"Asset 14\" alt=\"Plateforme de formation\">    \n        <\/div>\n    <!-- \/image-wrap -->\n    \n        <\/div>\n<!-- \/module image -->        <\/div>\n                    <div  data-lazy=\"1\" class=\"module_column sub_column col4-2 tb_wy4u432 last\">\n                    <!-- module text -->\n<div  class=\"module module-text tb_y03r432   \" data-lazy=\"1\">\n        <div  class=\"tb_text_wrap\">\n        <p style=\"text-align: left\"> Nous visons a alimenter les comp\u00e9tences des d\u00e9fenseurs des droits humains, activistes, ainsi qu\u00b4aux  avocats grace a un contenu \u00e9ducatif<br><\/p>    <\/div>\n<\/div>\n<!-- \/module text --><!-- module buttons -->\n<div  class=\"module module-buttons tb_t2pf719 buttons-horizontal solid   rounded\" data-lazy=\"1\">\n        <div class=\"module-buttons-item tf_in_flx\">\n                        <a href=\"https:\/\/training.cfjustice.org\/\" class=\"ui builder_button tf_in_flx tb_default_color\" >\n                                    <em><svg  class=\"tf_fa tf-fas-external-link-alt\" xmlns:xlink=\"http:\/\/www.w3.org\/1999\/xlink\" aria-hidden=\"true\"><use href=\"#tf-fas-external-link-alt\" xlink:href=\"#tf-fas-external-link-alt\"><\/use><\/svg><\/em>                                        D\u00e9couvrez-la maintenant                                        <\/a>\n                <\/div>\n            <\/div>\n<!-- \/module buttons -->\n        <\/div>\n                    <\/div>\n                <\/div>\n                    <div  data-lazy=\"1\" class=\"module_column tb-column col4-2 tb_wod9432 last\">\n                            <div  data-lazy=\"1\" class=\"module_subrow themify_builder_sub_row tf_w col_align_middle tb_col_count_2 tb_exrv546\">\n                <div  data-lazy=\"1\" class=\"module_column sub_column col4-2 tb_o9mf546 first\">\n                    <!-- module image -->\n<div  class=\"module module-image tb_lypi434 image-center   tf_mw\" data-lazy=\"1\">\n        <div class=\"image-wrap tf_rel tf_mw\">\n            <img loading=\"lazy\" decoding=\"async\" src=\"https:\/\/www.cfjustice.org\/wp-content\/uploads\/2023\/04\/Sheild-180x180.png\" width=\"180\" height=\"180\" class=\"wp-post-image wp-image-32366\" title=\"Sheild\" alt=\"Justice watch archive\" srcset=\"https:\/\/www.cfjustice.org\/wp-content\/uploads\/2023\/04\/Sheild-180x180.png 180w, https:\/\/www.cfjustice.org\/wp-content\/uploads\/2023\/04\/Sheild-300x300.png 300w, https:\/\/www.cfjustice.org\/wp-content\/uploads\/2023\/04\/Sheild-150x150.png 150w, https:\/\/www.cfjustice.org\/wp-content\/uploads\/2023\/04\/Sheild.png 726w\" sizes=\"auto, (max-width: 180px) 100vw, 180px\" \/>    \n        <\/div>\n    <!-- \/image-wrap -->\n    \n        <\/div>\n<!-- \/module image -->        <\/div>\n                    <div  data-lazy=\"1\" class=\"module_column sub_column col4-2 tb_urjh546 last\">\n                    <!-- module text -->\n<div  class=\"module module-text tb_ifx8434   \" data-lazy=\"1\">\n        <div  class=\"tb_text_wrap\">\n        <div class=\"module module-text tb_1523509\">\r\n<div class=\"tb_text_wrap\">\r\n<p>Support request forms\u00a0is a contribution from us to the protection of organizations and human rights defenders. All you need to do is fill out the forms, and CFJ will provide all the available support to you.<\/p>\r\n<\/div>\r\n<\/div>    <\/div>\n<\/div>\n<!-- \/module text --><!-- module buttons -->\n<div  class=\"module module-buttons tb_d43166 buttons-horizontal solid   rounded\" data-lazy=\"1\">\n        <div class=\"module-buttons-item tf_in_flx\">\n                        <a href=\"https:\/\/app.smartsheet.com\/b\/form\/2e327b7d2af443b3ac82fcc69653b823\" class=\"ui builder_button tf_in_flx tb_default_color\" target=\"_blank\" rel=\"noopener\">\n                                    <em><svg  class=\"tf_fa tf-fas-external-link-alt\" xmlns:xlink=\"http:\/\/www.w3.org\/1999\/xlink\" aria-hidden=\"true\"><use href=\"#tf-fas-external-link-alt\" xlink:href=\"#tf-fas-external-link-alt\"><\/use><\/svg><\/em>                                        Fill The Form                                        <\/a>\n                <\/div>\n            <\/div>\n<!-- \/module buttons -->\n        <\/div>\n                    <\/div>\n                <\/div>\n                        <\/div>\n        <\/div>\n                        <div  data-css_id=\"8q9k782\" data-lazy=\"1\" class=\"module_row themify_builder_row fullwidth_row_container tb_8q9k782 tf_w\">\n                        <div class=\"row_inner col_align_top tb_col_count_1 tf_box tf_rel\">\n                        <div  data-lazy=\"1\" class=\"module_column tb-column col-full tb_qjpd783 first\">\n                    <!-- module plain text -->\n<div  class=\"module module-plain-text tb_8dew784 \" data-lazy=\"1\">\n        <div class=\"tb_text_wrap\">\n    \n\t\t\t\t<form action=\"\" method=\"post\" class=\"searchandfilter\">\n\t\t\t\t\t<div><ul><li><h4>Search<\/h4><input type=\"text\" name=\"ofsearch\" placeholder=\"Search &hellip;\" value=\"\"><\/li><li><h4>Date<\/h4><input class=\"postform\" type=\"date\" name=\"ofpost_date[]\" value=\"\" \/><\/li><li><h4>Topic<\/h4><select  name='ofcategory' id='ofcategory' class='postform'>\n\t<option value='0' selected='selected'>Toutes<\/option>\n\t<option class=\"level-0\" value=\"1026\">Actualit\u00e9s du Labor Justice Project<\/option>\n\t<option class=\"level-0\" value=\"1022\">Actualit\u00e9s du projet Justice pour les d\u00e9fenseurs des droits humains<\/option>\n\t<option class=\"level-0\" value=\"1023\">AU Connect<\/option>\n\t<option class=\"level-0\" value=\"1041\">Communication efficace r\u00e9gionale des Nations Unies<\/option>\n\t<option class=\"level-0\" value=\"1020\">Communiqu\u00e9s de presse<\/option>\n\t<option class=\"level-0\" value=\"1029\">Communiqu\u00e9s de presse du Projet Justice pour les d\u00e9fenseurs des droits humains<\/option>\n\t<option class=\"level-0\" value=\"1043\">Conseil des droits de l&rsquo;homme des Nations Unies &#8211; Actualit\u00e9s<\/option>\n\t<option class=\"level-0\" value=\"1042\">D\u00e9claration conjointe<\/option>\n\t<option class=\"level-0\" value=\"1024\">\u00c9v\u00e8nements<\/option>\n\t<option class=\"level-0\" value=\"1025\">Justice du travail<\/option>\n\t<option class=\"level-0\" value=\"1021\">Justice pour les d\u00e9fenseurs des droits humains<\/option>\n\t<option class=\"level-0\" value=\"821\">le Droit \u00e0 des \u00c9lections Libres<\/option>\n\t<option class=\"level-0\" value=\"816\">Non classifi\u00e9(e)<\/option>\n\t<option class=\"level-0\" value=\"999\">nouvelles<\/option>\n\t<option class=\"level-0\" value=\"1040\">Observatoire du Conseil des droits de l&rsquo;homme des Nations Unies<\/option>\n<\/select>\n<input type=\"hidden\" name=\"ofcategory_operator\" value=\"and\" \/><\/li><li><h4>Country<\/h4><select  name='ofcountries' id='ofcountries' class='postform'>\n\t<option value='0' selected='selected'>Tous les countries<\/option>\n\t<option class=\"level-0\" value=\"1032\">Afrique du Nord<\/option>\n\t<option class=\"level-0\" value=\"869\">Alg\u00e9rie<\/option>\n\t<option class=\"level-0\" value=\"934\">Burkina Faso<\/option>\n\t<option class=\"level-0\" value=\"827\">\u00c9gypte<\/option>\n\t<option class=\"level-0\" value=\"855\">Gambie<\/option>\n\t<option class=\"level-0\" value=\"1000\">La Tunisie<\/option>\n\t<option class=\"level-0\" value=\"820\">La Tunisie<\/option>\n\t<option class=\"level-0\" value=\"862\">Mali<\/option>\n\t<option class=\"level-0\" value=\"882\">Maroc<\/option>\n\t<option class=\"level-0\" value=\"1034\">Mauritanie<\/option>\n\t<option class=\"level-0\" value=\"867\">S\u00e9n\u00e9gal<\/option>\n\t<option class=\"level-0\" value=\"1028\">Soudan<\/option>\n\t<option class=\"level-0\" value=\"901\">Tchad<\/option>\n<\/select>\n<input type=\"hidden\" name=\"ofcountries_operator\" value=\"and\" \/><\/li><li><input type=\"hidden\" id=\"_searchandfilter_nonce\" name=\"_searchandfilter_nonce\" value=\"5cde4dc20f\" \/><input type=\"hidden\" name=\"_wp_http_referer\" value=\"\/fr\/wp-json\/wp\/v2\/pages\/43857\" \/><input type=\"hidden\" name=\"ofsubmitted\" value=\"1\"><input type=\"submit\" value=\"Submit\"><\/li><\/ul><\/div><\/form>\r\n    <\/div>\n<\/div>\n<!-- \/module plain text -->        <\/div>\n                        <\/div>\n        <\/div>\n                        <div  data-css_id=\"w0y0109\" data-lazy=\"1\" class=\"module_row themify_builder_row fullwidth_row_container tb_w0y0109 tf_w\">\n                        <div class=\"row_inner col_align_top tb_col_count_1 tf_box tf_rel\">\n                        <div  data-lazy=\"1\" class=\"module_column tb-column col-full tb_2at6109 first\">\n                    <!-- module text -->\n<div  class=\"module module-text tb_ir8y620   \" data-lazy=\"1\">\n        <div  class=\"tb_text_wrap\">\n        <h2>Human Rights Defenders Bulletin<\/h2>    <\/div>\n<\/div>\n<!-- \/module text --><div  class=\"module themify_builder_slider_wrap tf_clearfix module-slider tb_aikc109  slider-default  slide-image-fullwidth\" data-lazy=\"1\">\n        <div class=\"themify_builder_slider tf_carousel tf_swiper-container tf_rel tf_overflow\" data-lazy=\"1\"        data-visible=\"3\"\n        data-tab-visible=\"2\"\n        data-mob-visible=\"1\"\n        data-scroll=\"1\"\n                            data-auto=\"6000\"\n            data-controller=\"0\"\n            data-pause_hover=\"1\"\n                data-speed=\"normal\"\n        data-wrapvar=\"1\"\n        data-slider_nav=\"1\"\n        data-pager=\"1\"\n        data-effect=\"coverflow\" \n        data-height=\"variable\"\n        data-css_url=\"https:\/\/www.cfjustice.org\/wp-content\/themes\/themify-ultra\/themify\/themify-builder\/css\/modules\/sliders\/carousel,https:\/\/www.cfjustice.org\/wp-content\/themes\/themify-ultra\/themify\/themify-builder\/css\/modules\/sliders\/slider\"\n                    >\n        <div class=\"tf_swiper-wrapper tf_lazy tf_rel tf_w tf_h tf_textc\">\n                <\/div>\n    <\/div>\n<\/div>\n<!-- module buttons -->\n<div  class=\"module module-buttons tb_jrth485 buttons-horizontal solid   rounded\" data-lazy=\"1\">\n        <div class=\"module-buttons-item tf_in_flx\">\n                        <a href=\"https:\/\/www.cfjustice.org\/category\/justice-for-human-rights-defenders\/justice-for-human-rights-defenders-bulletins\/\" class=\"ui builder_button tf_in_flx tb_default_color\" target=\"_blank\" rel=\"noopener\">\n                                    <em><svg  class=\"tf_fa tf-fas-external-link-alt\" xmlns:xlink=\"http:\/\/www.w3.org\/1999\/xlink\" aria-hidden=\"true\"><use href=\"#tf-fas-external-link-alt\" xlink:href=\"#tf-fas-external-link-alt\"><\/use><\/svg><\/em>                                        Read More                                        <\/a>\n                <\/div>\n            <\/div>\n<!-- \/module buttons -->\n        <\/div>\n                        <\/div>\n        <\/div>\n                        <div  data-css_id=\"qh8b959\" data-lazy=\"1\" class=\"module_row themify_builder_row fullwidth_row_container tb_qh8b959 tf_w\">\n                        <div class=\"row_inner col_align_top tb_col_count_1 tf_box tf_rel\">\n                        <div  data-lazy=\"1\" class=\"module_column tb-column col-full tb_6kcm960 first\">\n                    <!-- module text -->\n<div  class=\"module module-text tb_09e9567   \" data-lazy=\"1\">\n        <div  class=\"tb_text_wrap\">\n        <h2>Latest Reports<\/h2>    <\/div>\n<\/div>\n<!-- \/module text -->        <div  data-lazy=\"1\" class=\"module_subrow themify_builder_sub_row tf_w col_align_top tb_col_count_2 tb_1d17960\">\n                <div  data-lazy=\"1\" class=\"module_column sub_column col4-2 tb_ypy4960 first\">\n                    <!-- module post -->\n<div  class=\"module module-post tb_z2is36 \">\n    <div  class=\"builder-posts-wrap loops-wrapper list-post flip classic tf_clear tf_clearfix\" data-lazy=\"1\">\n        <\/div><!-- .builder-posts-wrap -->\n            <\/div>\n<!-- \/module post -->\n            <\/div>\n                    <div  data-lazy=\"1\" class=\"module_column sub_column col4-2 tb_mbng960 last\">\n                    <!-- module post -->\n<div  class=\"module module-post tb_02pc83 \">\n    <div  class=\"builder-posts-wrap loops-wrapper list-post flip classic tf_clear tf_clearfix\" data-lazy=\"1\">\n    <div class=\"tb_no_posts\">Working On More<\/div>    <\/div><!-- .builder-posts-wrap -->\n            <\/div>\n<!-- \/module post -->\n            <\/div>\n                    <\/div>\n        <!-- module buttons -->\n<div  class=\"module module-buttons tb_54er666 buttons-horizontal solid   rounded\" data-lazy=\"1\">\n        <div class=\"module-buttons-item tf_in_flx\">\n                        <a href=\"https:\/\/www.cfjustice.org\/category\/justice-for-human-rights-defenders\/justice-for-human-rights-defenders-reports\/\" class=\"ui builder_button tf_in_flx tb_default_color\" >\n                                    <em><svg  class=\"tf_fa tf-fas-external-link-alt\" xmlns:xlink=\"http:\/\/www.w3.org\/1999\/xlink\" aria-hidden=\"true\"><use href=\"#tf-fas-external-link-alt\" xlink:href=\"#tf-fas-external-link-alt\"><\/use><\/svg><\/em>                                        See All Reports                                        <\/a>\n                <\/div>\n            <\/div>\n<!-- \/module buttons -->\n        <\/div>\n                        <\/div>\n        <\/div>\n                        <div  data-css_id=\"10mi696\" data-lazy=\"1\" class=\"module_row themify_builder_row fullwidth_row_container tb_10mi696 tf_w\">\n                        <div class=\"row_inner col_align_top tb_col_count_2 tf_box tf_rel\">\n                        <div  data-lazy=\"1\" class=\"module_column tb-column col4-2 tb_etd2696 first\">\n                    <!-- module text -->\n<div  class=\"module module-text tb_6pt4540   \" data-lazy=\"1\">\n        <div  class=\"tb_text_wrap\">\n        <h2>Press Release<\/h2>    <\/div>\n<\/div>\n<!-- \/module text --><!-- advanced-posts module -->\n<div  class=\"module module-advanced-posts tb_yj7x696   themify_builder_content-yj7x696\" data-lazy=\"1\">\n\t\n\t\t\n\t\t<div  class=\"builder-posts-wrap loops-wrapper list-post classic tf_clear tf_clearfix\" data-lazy=\"1\">\n\n\t\t\t\n\t\t\t\n\t\t\t\t\n\t\t\t\t\n\t\t\t\t<article id=\"post-52789\" class=\"post tf_clearfix post-52789 type-post status-publish format-standard has-post-thumbnail hentry category-communiques-de-presse category-communiques-de-presse-du-projet-justice-pour-les-defenseurs-des-droits-humains category-justice-pour-les-defenseurs-des-droits-humains countries-la-tunisie-2 has-post-title has-post-date has-post-category has-post-tag has-post-comment has-post-author \">\n\t\t\t\t\t    <div class=\"tbp_advanced_archive_wrap\">\n\t                <div  data-lazy=\"1\" class=\"module_row themify_builder_row tb_ffm2696 tf_w\">\n                        <div class=\"row_inner col_align_top tb_col_count_1 tf_box tf_rel\">\n                        <div  data-lazy=\"1\" class=\"module_column tb-column col-full tb_7vls696 first\">\n                            <div  data-lazy=\"1\" class=\"module_subrow themify_builder_sub_row tf_w col_align_top tb_col_count_2 tb_kv1k696\">\n                <div  data-lazy=\"1\" class=\"module_column sub_column col3-1 tb_w6b1697 first\">\n                    <!-- Featured Image module -->\n<div  class=\"module module-image module-featured-image tb_q5j8697  \" data-lazy=\"1\">\n    <div class=\"image-wrap tf_rel\">\n\t\t\t\t\t\t\t\t\t\t\t<a  href=\"https:\/\/www.cfjustice.org\/fr\/tunisie-le-comite-pour-la-justice-se-felicite-de-la-liberation-des-travailleurs-humanitaires-de-lorganisation-terre-dasile-apres-plus-de-vingt-mois-de-detention-arbitraire\/\"> \n\t\t\t\t\t\n\t\t\t\t\t\t\t\t\t\t\t\t\t\t\t\t<img loading=\"lazy\" decoding=\"async\" src=\"https:\/\/www.cfjustice.org\/wp-content\/uploads\/2025\/12\/ChatGPT-Image-Dec-1-2025-01_28_09-PM-e1764595962400-200x100.webp\" width=\"200\" height=\"100\" class=\"wp-post-image wp-image-52405\" title=\"ChatGPT Image Dec 1, 2025, 01_28_09 PM\" alt=\"Tunisie : le Comit\u00e9 pour la justice se f\u00e9licite de la lib\u00e9ration des travailleurs humanitaires de l&rsquo;organisation \u00ab Terre d&rsquo;asile \u00bb apr\u00e8s plus de vingt mois de d\u00e9tention arbitraire.\u00a0\" srcset=\"https:\/\/www.cfjustice.org\/wp-content\/uploads\/2025\/12\/ChatGPT-Image-Dec-1-2025-01_28_09-PM-e1764595962400-200x100.webp 200w, https:\/\/www.cfjustice.org\/wp-content\/uploads\/2025\/12\/ChatGPT-Image-Dec-1-2025-01_28_09-PM-e1764595962400-400x200.webp 400w, https:\/\/www.cfjustice.org\/wp-content\/uploads\/2025\/12\/ChatGPT-Image-Dec-1-2025-01_28_09-PM-e1764595962400-1000x500.webp 1000w\" sizes=\"auto, (max-width: 200px) 100vw, 200px\" \/>\t\t\t\t\t\n\t\t\t\t\t\t\t\t\t\t<\/a>\n\t\t\t\t\t\t\t\t\t\t\t\t<\/div>\n\t\t<!-- \/image-wrap -->\n\t\t\t<\/div>\n<!-- \/Featured Image module -->\n        <\/div>\n                    <div  data-lazy=\"1\" class=\"module_column sub_column col3-2 tb_yo7c696 last\">\n                    <!-- Post Title module -->\n<div  class=\"module module-post-title tb_wzav697 \" data-lazy=\"1\">\n\t<h2 class=\"tbp_title\">\n\t<a  href=\"https:\/\/www.cfjustice.org\/fr\/tunisie-le-comite-pour-la-justice-se-felicite-de-la-liberation-des-travailleurs-humanitaires-de-lorganisation-terre-dasile-apres-plus-de-vingt-mois-de-detention-arbitraire\/\">\n\t\tTunisie : le Comit\u00e9 pour la justice se f\u00e9licite de la lib\u00e9ration des travailleurs humanitaires de l&rsquo;organisation \u00ab Terre d&rsquo;asile \u00bb apr\u00e8s plus de vingt mois de d\u00e9tention arbitraire.\u00a0\t\t<\/a>\n<\/h2><\/div>\n<!-- \/Post Title module -->\n<!-- Post Content module -->\n<div  class=\"module module-post-content tb_v5ma697 \" data-lazy=\"1\">\n\t\n\n    <div class=\"tb_text_wrap\">\n\t\tLe Comit\u00e9 pour la justice (CFJ) exprime sa\u00a0satisfaction\u00a0suite\u00a0\u00e0\u00a0la lib\u00e9ration, dans la nuit du lundi au [&hellip;]    <\/div><!-- .tb_text_wrap -->\n\n\n<\/div>\n<!-- \/Post Content module --><!-- module buttons -->\n<div  class=\"module module-buttons tb_ddw1696 buttons-horizontal solid  \" data-lazy=\"1\">\n<\/div>\n<!-- \/module buttons -->\n        <\/div>\n                    <\/div>\n                <\/div>\n                        <\/div>\n        <\/div>\n            <\/div>\n\t\t\t\t<\/article>\n\n\t\t\t\t\n\t\t\t\t\n\t\t\t\t\t\t\n\t\t<\/div><!-- .builder-posts-wrap -->\n\n\t\t\t\n<\/div><!-- \/advanced-posts module -->\n        <\/div>\n                    <div  data-lazy=\"1\" class=\"module_column tb-column col4-2 tb_b1p8696 last\">\n                    <!-- module text -->\n<div  class=\"module module-text tb_08rn640   \" data-lazy=\"1\">\n        <div  class=\"tb_text_wrap\">\n        <h2>Latest News<\/h2>    <\/div>\n<\/div>\n<!-- \/module text --><!-- advanced-posts module -->\n<div  class=\"module module-advanced-posts tb_bscs696   themify_builder_content-bscs696\" data-lazy=\"1\">\n\t\n\t\t\n\t\t<div  class=\"builder-posts-wrap loops-wrapper list-post classic tf_clear tf_clearfix\" data-lazy=\"1\">\n\n\t\t\t\n\t\t\t\n\t\t\t\t\n\t\t\t\t\n\t\t\t\t<article id=\"post-52320\" class=\"post tf_clearfix post-52320 type-post status-publish format-standard has-post-thumbnail hentry category-actualites-du-projet-justice-pour-les-defenseurs-des-droits-humains category-communiques-de-presse category-justice-pour-les-defenseurs-des-droits-humains category-nouvelles countries-la-tunisie-2 has-post-title has-post-date has-post-category has-post-tag has-post-comment has-post-author \">\n\t\t\t\t\t    <div class=\"tbp_advanced_archive_wrap\">\n\t                <div  data-lazy=\"1\" class=\"module_row themify_builder_row tb_2r6n696 tf_w\">\n                        <div class=\"row_inner col_align_top tb_col_count_1 tf_box tf_rel\">\n                        <div  data-lazy=\"1\" class=\"module_column tb-column col-full tb_4ihq696 first\">\n                            <div  data-lazy=\"1\" class=\"module_subrow themify_builder_sub_row tf_w col_align_top tb_col_count_2 tb_rhkm696\">\n                <div  data-lazy=\"1\" class=\"module_column sub_column col3-1 tb_gowz696 first\">\n                    <!-- Featured Image module -->\n<div  class=\"module module-image module-featured-image tb_78al696  \" data-lazy=\"1\">\n    <div class=\"image-wrap tf_rel\">\n\t\t\t\t\t\t\t\t\t\t\t<a  href=\"https:\/\/www.cfjustice.org\/fr\/tunisie-le-comite-pour-la-justice-salue-la-liberation-de-sonia-dahmani-et-appelle-a-mettre-un-terme-a-la-criminalisation-de-la-liberte-dexpression\/\"> \n\t\t\t\t\t\n\t\t\t\t\t\t\t\t\t\t\t\t\t\t\t\t<img loading=\"lazy\" decoding=\"async\" src=\"https:\/\/www.cfjustice.org\/wp-content\/uploads\/2025\/11\/tunisian-200x100.webp\" width=\"200\" height=\"100\" class=\"wp-post-image wp-image-52314\" title=\"tunisian\" alt=\"Tunisie : Le Comit\u00e9 pour la justice salue la lib\u00e9ration de Sonia Dahmani et appelle \u00e0 mettre un terme \u00e0 la criminalisation de la libert\u00e9 d\u2019expression\u00a0\" srcset=\"https:\/\/www.cfjustice.org\/wp-content\/uploads\/2025\/11\/tunisian-200x100.webp 200w, https:\/\/www.cfjustice.org\/wp-content\/uploads\/2025\/11\/tunisian-1000x500.webp 1000w, https:\/\/www.cfjustice.org\/wp-content\/uploads\/2025\/11\/tunisian-400x200.webp 400w\" sizes=\"auto, (max-width: 200px) 100vw, 200px\" \/>\t\t\t\t\t\n\t\t\t\t\t\t\t\t\t\t<\/a>\n\t\t\t\t\t\t\t\t\t\t\t\t<\/div>\n\t\t<!-- \/image-wrap -->\n\t\t\t<\/div>\n<!-- \/Featured Image module -->\n        <\/div>\n                    <div  data-lazy=\"1\" class=\"module_column sub_column col3-2 tb_9cyd696 last\">\n                    <!-- Post Title module -->\n<div  class=\"module module-post-title tb_pzp8696 \" data-lazy=\"1\">\n\t<h2 class=\"tbp_title\">\n\t<a  href=\"https:\/\/www.cfjustice.org\/fr\/tunisie-le-comite-pour-la-justice-salue-la-liberation-de-sonia-dahmani-et-appelle-a-mettre-un-terme-a-la-criminalisation-de-la-liberte-dexpression\/\">\n\t\tTunisie : Le Comit\u00e9 pour la justice salue la lib\u00e9ration de Sonia Dahmani et appelle \u00e0 mettre un terme \u00e0 la criminalisation de la libert\u00e9 d\u2019expression\u00a0\t\t<\/a>\n<\/h2><\/div>\n<!-- \/Post Title module -->\n<!-- Post Content module -->\n<div  class=\"module module-post-content tb_09j3696 \" data-lazy=\"1\">\n\t\n\n    <div class=\"tb_text_wrap\">\n\t\tLe Comit\u00e9 pour la justice se f\u00e9licite de la d\u00e9cision rendue le 27 novembre 2025 [&hellip;]    <\/div><!-- .tb_text_wrap -->\n\n\n<\/div>\n<!-- \/Post Content module --><!-- module buttons -->\n<div  class=\"module module-buttons tb_ld0s696 buttons-horizontal solid  \" data-lazy=\"1\">\n<\/div>\n<!-- \/module buttons -->\n        <\/div>\n                    <\/div>\n                <\/div>\n                        <\/div>\n        <\/div>\n            <\/div>\n\t\t\t\t<\/article>\n\n\t\t\t\t\n\t\t\t\t\n\t\t\t\t\t\t\n\t\t<\/div><!-- .builder-posts-wrap -->\n\n\t\t\t\n<\/div><!-- \/advanced-posts module -->\n        <\/div>\n                        <\/div>\n        <\/div>\n                        <div  data-lazy=\"1\" class=\"module_row themify_builder_row tb_nlni707 tf_w\">\n                        <div class=\"row_inner col_align_top tb_col_count_2 tf_box tf_rel\">\n                        <div  data-lazy=\"1\" class=\"module_column tb-column col4-2 tb_p0tr707 first\">\n                    <!-- module buttons -->\n<div  class=\"module module-buttons tb_klby856 buttons-horizontal solid   rounded buttons-fullwidth\" data-lazy=\"1\">\n        <div class=\"module-buttons-item tf_in_flx\">\n                        <a href=\"https:\/\/www.cfjustice.org\/category\/justice-for-human-rights-defenders\/justice-for-human-rights-defenders-press-releases\/\" class=\"ui builder_button tf_in_flx tb_default_color\" >\n                                    <em><svg  class=\"tf_fa tf-fas-external-link-alt\" xmlns:xlink=\"http:\/\/www.w3.org\/1999\/xlink\" aria-hidden=\"true\"><use href=\"#tf-fas-external-link-alt\" xlink:href=\"#tf-fas-external-link-alt\"><\/use><\/svg><\/em>                                        See All Press Release                                        <\/a>\n                <\/div>\n            <\/div>\n<!-- \/module buttons -->\n        <\/div>\n                    <div  data-lazy=\"1\" class=\"module_column tb-column col4-2 tb_lqia707 last\">\n                    <!-- module buttons -->\n<div  class=\"module module-buttons tb_ywec73 buttons-horizontal solid   rounded buttons-fullwidth\" data-lazy=\"1\">\n        <div class=\"module-buttons-item tf_in_flx\">\n                        <a href=\"https:\/\/www.cfjustice.org\/category\/justice-for-human-rights-defenders\/justice-for-human-rights-defenders-news\/\" class=\"ui builder_button tf_in_flx tb_default_color\" >\n                                    <em><svg  class=\"tf_fa tf-fas-external-link-alt\" xmlns:xlink=\"http:\/\/www.w3.org\/1999\/xlink\" aria-hidden=\"true\"><use href=\"#tf-fas-external-link-alt\" xlink:href=\"#tf-fas-external-link-alt\"><\/use><\/svg><\/em>                                        See All News                                        <\/a>\n                <\/div>\n            <\/div>\n<!-- \/module buttons -->\n        <\/div>\n                        <\/div>\n        <\/div>\n        <\/div>\n<!--\/themify_builder_content-->","protected":false},"excerpt":{"rendered":"<p>Justice pour les d\u00e9fenseurs des droits humains Les d\u00e9fenseurs des droits humains sont l&rsquo;\u00e2me du soutien aux victimes des violations des droits de humains, et avec la r\u00e9pression r\u00e9cente au [&hellip;]<\/p>\n","protected":false},"author":961,"featured_media":0,"parent":0,"menu_order":0,"comment_status":"closed","ping_status":"closed","template":"","meta":{"_monsterinsights_skip_tracking":false,"_monsterinsights_sitenote_active":false,"_monsterinsights_sitenote_note":"","_monsterinsights_sitenote_category":0,"_price":"","_stock":"","_tribe_ticket_header":"","_tribe_default_ticket_provider":"","_tribe_ticket_capacity":"0","_ticket_start_date":"","_ticket_end_date":"","_tribe_ticket_show_description":"","_tribe_ticket_show_not_going":false,"_tribe_ticket_use_global_stock":"","_tribe_ticket_global_stock_level":"","_global_stock_mode":"","_global_stock_cap":"","_tribe_rsvp_for_event":"","_tribe_ticket_going_count":"","_tribe_ticket_not_going_count":"","_tribe_tickets_list":"[]","_tribe_ticket_has_attendee_info_fields":false,"footnotes":"","_tec_slr_enabled":"","_tec_slr_layout":""},"countries":[],"cases":[],"writer":[],"coalitions":[],"class_list":["post-43857","page","type-page","status-publish","hentry","has-post-title","has-post-date","has-post-category","has-post-tag","has-post-comment","has-post-author",""],"yoast_head":"<!-- This site is optimized with the Yoast SEO plugin v27.4 - https:\/\/yoast.com\/product\/yoast-seo-wordpress\/ -->\n<title>Justice pour les DDH - Committee for Justice<\/title>\n<meta name=\"robots\" content=\"index, follow, max-snippet:-1, max-image-preview:large, max-video-preview:-1\" \/>\n<link rel=\"canonical\" href=\"https:\/\/www.cfjustice.org\/fr\/justice-pour-les-ddh\/\" \/>\n<meta property=\"og:locale\" content=\"fr_FR\" \/>\n<meta property=\"og:type\" content=\"article\" \/>\n<meta property=\"og:title\" content=\"Justice pour les DDH - Committee for Justice\" \/>\n<meta property=\"og:description\" content=\"Justice pour les d\u00e9fenseurs des droits humains Les d\u00e9fenseurs des droits humains sont l&rsquo;\u00e2me du soutien aux victimes des violations des droits de humains, et avec la r\u00e9pression r\u00e9cente au [&hellip;]\" \/>\n<meta property=\"og:url\" content=\"https:\/\/www.cfjustice.org\/fr\/justice-pour-les-ddh\/\" \/>\n<meta property=\"og:site_name\" content=\"Committee for Justice\" \/>\n<meta property=\"article:publisher\" content=\"https:\/\/www.facebook.com\/cfjusticeorg\" \/>\n<meta property=\"article:modified_time\" content=\"2024-11-11T16:49:05+00:00\" \/>\n<meta property=\"og:image\" content=\"https:\/\/www.cfjustice.org\/wp-content\/uploads\/2024\/08\/Asset-5.svg\" \/>\n<meta name=\"twitter:card\" content=\"summary_large_image\" \/>\n<meta name=\"twitter:site\" content=\"@cfjusticeorg\" \/>\n<meta name=\"twitter:label1\" content=\"Dur\u00e9e de lecture estim\u00e9e\" \/>\n\t<meta name=\"twitter:data1\" content=\"1 minute\" \/>\n<script type=\"application\/ld+json\" class=\"yoast-schema-graph\">{\"@context\":\"https:\\\/\\\/schema.org\",\"@graph\":[{\"@type\":\"WebPage\",\"@id\":\"https:\\\/\\\/www.cfjustice.org\\\/fr\\\/justice-pour-les-ddh\\\/\",\"url\":\"https:\\\/\\\/www.cfjustice.org\\\/fr\\\/justice-pour-les-ddh\\\/\",\"name\":\"Justice pour les DDH - Committee for Justice\",\"isPartOf\":{\"@id\":\"https:\\\/\\\/www.cfjustice.org\\\/fr\\\/#website\"},\"primaryImageOfPage\":{\"@id\":\"https:\\\/\\\/www.cfjustice.org\\\/fr\\\/justice-pour-les-ddh\\\/#primaryimage\"},\"image\":{\"@id\":\"https:\\\/\\\/www.cfjustice.org\\\/fr\\\/justice-pour-les-ddh\\\/#primaryimage\"},\"thumbnailUrl\":\"https:\\\/\\\/www.cfjustice.org\\\/wp-content\\\/uploads\\\/2024\\\/08\\\/Asset-5.svg\",\"datePublished\":\"2024-11-11T16:37:30+00:00\",\"dateModified\":\"2024-11-11T16:49:05+00:00\",\"breadcrumb\":{\"@id\":\"https:\\\/\\\/www.cfjustice.org\\\/fr\\\/justice-pour-les-ddh\\\/#breadcrumb\"},\"inLanguage\":\"fr-FR\",\"potentialAction\":[{\"@type\":\"ReadAction\",\"target\":[\"https:\\\/\\\/www.cfjustice.org\\\/fr\\\/justice-pour-les-ddh\\\/\"]}]},{\"@type\":\"ImageObject\",\"inLanguage\":\"fr-FR\",\"@id\":\"https:\\\/\\\/www.cfjustice.org\\\/fr\\\/justice-pour-les-ddh\\\/#primaryimage\",\"url\":\"https:\\\/\\\/www.cfjustice.org\\\/wp-content\\\/uploads\\\/2024\\\/08\\\/Asset-5.svg\",\"contentUrl\":\"https:\\\/\\\/www.cfjustice.org\\\/wp-content\\\/uploads\\\/2024\\\/08\\\/Asset-5.svg\"},{\"@type\":\"BreadcrumbList\",\"@id\":\"https:\\\/\\\/www.cfjustice.org\\\/fr\\\/justice-pour-les-ddh\\\/#breadcrumb\",\"itemListElement\":[{\"@type\":\"ListItem\",\"position\":1,\"name\":\"Home\",\"item\":\"https:\\\/\\\/www.cfjustice.org\\\/fr\\\/\"},{\"@type\":\"ListItem\",\"position\":2,\"name\":\"Justice pour les DDH\"}]},{\"@type\":\"WebSite\",\"@id\":\"https:\\\/\\\/www.cfjustice.org\\\/fr\\\/#website\",\"url\":\"https:\\\/\\\/www.cfjustice.org\\\/fr\\\/\",\"name\":\"Committee for Justice\",\"description\":\"We are working to achieve justice\",\"publisher\":{\"@id\":\"https:\\\/\\\/www.cfjustice.org\\\/fr\\\/#organization\"},\"alternateName\":\"CFJ\",\"potentialAction\":[{\"@type\":\"SearchAction\",\"target\":{\"@type\":\"EntryPoint\",\"urlTemplate\":\"https:\\\/\\\/www.cfjustice.org\\\/fr\\\/?s={search_term_string}\"},\"query-input\":{\"@type\":\"PropertyValueSpecification\",\"valueRequired\":true,\"valueName\":\"search_term_string\"}}],\"inLanguage\":\"fr-FR\"},{\"@type\":\"Organization\",\"@id\":\"https:\\\/\\\/www.cfjustice.org\\\/fr\\\/#organization\",\"name\":\"Committee for Justice\",\"url\":\"https:\\\/\\\/www.cfjustice.org\\\/fr\\\/\",\"logo\":{\"@type\":\"ImageObject\",\"inLanguage\":\"fr-FR\",\"@id\":\"https:\\\/\\\/www.cfjustice.org\\\/fr\\\/#\\\/schema\\\/logo\\\/image\\\/\",\"url\":\"https:\\\/\\\/www.cfjustice.org\\\/wp-content\\\/uploads\\\/2023\\\/10\\\/logo-1.svg\",\"contentUrl\":\"https:\\\/\\\/www.cfjustice.org\\\/wp-content\\\/uploads\\\/2023\\\/10\\\/logo-1.svg\",\"width\":1,\"height\":1,\"caption\":\"Committee for Justice\"},\"image\":{\"@id\":\"https:\\\/\\\/www.cfjustice.org\\\/fr\\\/#\\\/schema\\\/logo\\\/image\\\/\"},\"sameAs\":[\"https:\\\/\\\/www.facebook.com\\\/cfjusticeorg\",\"https:\\\/\\\/x.com\\\/cfjusticeorg\",\"https:\\\/\\\/www.linkedin.com\\\/company\\\/cfjustice\\\/\",\"https:\\\/\\\/www.youtube.com\\\/channel\\\/UCQdBw5-F5Z80xtts8UqRRqQ\",\"https:\\\/\\\/www.instagram.com\\\/cfjusticeorg\"]}]}<\/script>\n<!-- \/ Yoast SEO plugin. -->","yoast_head_json":{"title":"Justice pour les DDH - Committee for Justice","robots":{"index":"index","follow":"follow","max-snippet":"max-snippet:-1","max-image-preview":"max-image-preview:large","max-video-preview":"max-video-preview:-1"},"canonical":"https:\/\/www.cfjustice.org\/fr\/justice-pour-les-ddh\/","og_locale":"fr_FR","og_type":"article","og_title":"Justice pour les DDH - Committee for Justice","og_description":"Justice pour les d\u00e9fenseurs des droits humains Les d\u00e9fenseurs des droits humains sont l&rsquo;\u00e2me du soutien aux victimes des violations des droits de humains, et avec la r\u00e9pression r\u00e9cente au [&hellip;]","og_url":"https:\/\/www.cfjustice.org\/fr\/justice-pour-les-ddh\/","og_site_name":"Committee for Justice","article_publisher":"https:\/\/www.facebook.com\/cfjusticeorg","article_modified_time":"2024-11-11T16:49:05+00:00","og_image":[{"url":"https:\/\/www.cfjustice.org\/wp-content\/uploads\/2024\/08\/Asset-5.svg","type":"","width":"","height":""}],"twitter_card":"summary_large_image","twitter_site":"@cfjusticeorg","twitter_misc":{"Dur\u00e9e de lecture estim\u00e9e":"1 minute"},"schema":{"@context":"https:\/\/schema.org","@graph":[{"@type":"WebPage","@id":"https:\/\/www.cfjustice.org\/fr\/justice-pour-les-ddh\/","url":"https:\/\/www.cfjustice.org\/fr\/justice-pour-les-ddh\/","name":"Justice pour les DDH - Committee for Justice","isPartOf":{"@id":"https:\/\/www.cfjustice.org\/fr\/#website"},"primaryImageOfPage":{"@id":"https:\/\/www.cfjustice.org\/fr\/justice-pour-les-ddh\/#primaryimage"},"image":{"@id":"https:\/\/www.cfjustice.org\/fr\/justice-pour-les-ddh\/#primaryimage"},"thumbnailUrl":"https:\/\/www.cfjustice.org\/wp-content\/uploads\/2024\/08\/Asset-5.svg","datePublished":"2024-11-11T16:37:30+00:00","dateModified":"2024-11-11T16:49:05+00:00","breadcrumb":{"@id":"https:\/\/www.cfjustice.org\/fr\/justice-pour-les-ddh\/#breadcrumb"},"inLanguage":"fr-FR","potentialAction":[{"@type":"ReadAction","target":["https:\/\/www.cfjustice.org\/fr\/justice-pour-les-ddh\/"]}]},{"@type":"ImageObject","inLanguage":"fr-FR","@id":"https:\/\/www.cfjustice.org\/fr\/justice-pour-les-ddh\/#primaryimage","url":"https:\/\/www.cfjustice.org\/wp-content\/uploads\/2024\/08\/Asset-5.svg","contentUrl":"https:\/\/www.cfjustice.org\/wp-content\/uploads\/2024\/08\/Asset-5.svg"},{"@type":"BreadcrumbList","@id":"https:\/\/www.cfjustice.org\/fr\/justice-pour-les-ddh\/#breadcrumb","itemListElement":[{"@type":"ListItem","position":1,"name":"Home","item":"https:\/\/www.cfjustice.org\/fr\/"},{"@type":"ListItem","position":2,"name":"Justice pour les DDH"}]},{"@type":"WebSite","@id":"https:\/\/www.cfjustice.org\/fr\/#website","url":"https:\/\/www.cfjustice.org\/fr\/","name":"Committee for Justice","description":"We are working to achieve justice","publisher":{"@id":"https:\/\/www.cfjustice.org\/fr\/#organization"},"alternateName":"CFJ","potentialAction":[{"@type":"SearchAction","target":{"@type":"EntryPoint","urlTemplate":"https:\/\/www.cfjustice.org\/fr\/?s={search_term_string}"},"query-input":{"@type":"PropertyValueSpecification","valueRequired":true,"valueName":"search_term_string"}}],"inLanguage":"fr-FR"},{"@type":"Organization","@id":"https:\/\/www.cfjustice.org\/fr\/#organization","name":"Committee for Justice","url":"https:\/\/www.cfjustice.org\/fr\/","logo":{"@type":"ImageObject","inLanguage":"fr-FR","@id":"https:\/\/www.cfjustice.org\/fr\/#\/schema\/logo\/image\/","url":"https:\/\/www.cfjustice.org\/wp-content\/uploads\/2023\/10\/logo-1.svg","contentUrl":"https:\/\/www.cfjustice.org\/wp-content\/uploads\/2023\/10\/logo-1.svg","width":1,"height":1,"caption":"Committee for Justice"},"image":{"@id":"https:\/\/www.cfjustice.org\/fr\/#\/schema\/logo\/image\/"},"sameAs":["https:\/\/www.facebook.com\/cfjusticeorg","https:\/\/x.com\/cfjusticeorg","https:\/\/www.linkedin.com\/company\/cfjustice\/","https:\/\/www.youtube.com\/channel\/UCQdBw5-F5Z80xtts8UqRRqQ","https:\/\/www.instagram.com\/cfjusticeorg"]}]}},"ticketed":false,"_links":{"self":[{"href":"https:\/\/www.cfjustice.org\/fr\/wp-json\/wp\/v2\/pages\/43857","targetHints":{"allow":["GET"]}}],"collection":[{"href":"https:\/\/www.cfjustice.org\/fr\/wp-json\/wp\/v2\/pages"}],"about":[{"href":"https:\/\/www.cfjustice.org\/fr\/wp-json\/wp\/v2\/types\/page"}],"author":[{"embeddable":true,"href":"https:\/\/www.cfjustice.org\/fr\/wp-json\/wp\/v2\/users\/961"}],"replies":[{"embeddable":true,"href":"https:\/\/www.cfjustice.org\/fr\/wp-json\/wp\/v2\/comments?post=43857"}],"version-history":[{"count":2,"href":"https:\/\/www.cfjustice.org\/fr\/wp-json\/wp\/v2\/pages\/43857\/revisions"}],"predecessor-version":[{"id":43859,"href":"https:\/\/www.cfjustice.org\/fr\/wp-json\/wp\/v2\/pages\/43857\/revisions\/43859"}],"wp:attachment":[{"href":"https:\/\/www.cfjustice.org\/fr\/wp-json\/wp\/v2\/media?parent=43857"}],"wp:term":[{"taxonomy":"countries","embeddable":true,"href":"https:\/\/www.cfjustice.org\/fr\/wp-json\/wp\/v2\/countries?post=43857"},{"taxonomy":"cases","embeddable":true,"href":"https:\/\/www.cfjustice.org\/fr\/wp-json\/wp\/v2\/cases?post=43857"},{"taxonomy":"writer","embeddable":true,"href":"https:\/\/www.cfjustice.org\/fr\/wp-json\/wp\/v2\/writer?post=43857"},{"taxonomy":"coalitions","embeddable":true,"href":"https:\/\/www.cfjustice.org\/fr\/wp-json\/wp\/v2\/coalitions?post=43857"}],"curies":[{"name":"wp","href":"https:\/\/api.w.org\/{rel}","templated":true}]}}